{"id":11542,"date":"2024-03-25T16:37:18","date_gmt":"2024-03-25T14:37:18","guid":{"rendered":"https:\/\/www.vk-korana.hr\/?page_id=11542"},"modified":"2024-04-01T20:11:03","modified_gmt":"2024-04-01T18:11:03","slug":"novosti","status":"publish","type":"page","link":"http:\/\/www.vk-korana.hr\/?page_id=11542","title":{"rendered":"NOVOSTI"},"content":{"rendered":"<div class=\"wpb-content-wrapper\"><p>[vc_row][vc_column]<style type=\"text\/css\" data-type=\"the7_shortcodes-inline-css\">.blog-shortcode.blog-masonry-shortcode-id-73f840b63253155c857e8305d55e51f2.dividers-on.classic-layout-list article {\n  padding-top: 0;\n}\n.blog-shortcode.blog-masonry-shortcode-id-73f840b63253155c857e8305d55e51f2.dividers-on.classic-layout-list article:first-of-type {\n  margin-top: 0;\n  padding-top: 0;\n}\n.blog-shortcode.blog-masonry-shortcode-id-73f840b63253155c857e8305d55e51f2.classic-layout-list.mode-list .post-entry-content {\n  width: calc(100% - );\n}\n.blog-shortcode.blog-masonry-shortcode-id-73f840b63253155c857e8305d55e51f2.classic-layout-list.mode-list .no-img .post-entry-content {\n  width: 100%;\n}\n.blog-shortcode.blog-masonry-shortcode-id-73f840b63253155c857e8305d55e51f2 .filter-bg-decoration .filter-categories a.act {\n  color: #fff;\n}\n.blog-shortcode.blog-masonry-shortcode-id-73f840b63253155c857e8305d55e51f2:not(.mode-masonry) article:first-of-type,\n.blog-shortcode.blog-masonry-shortcode-id-73f840b63253155c857e8305d55e51f2:not(.mode-masonry) article.visible.first:not(.product) {\n  margin-top: 0;\n}\n.blog-shortcode.blog-masonry-shortcode-id-73f840b63253155c857e8305d55e51f2.dividers-on:not(.mode-masonry) article {\n  margin-top: 0;\n}\n.blog-shortcode.blog-masonry-shortcode-id-73f840b63253155c857e8305d55e51f2.dividers-on:not(.mode-masonry) article:first-of-type,\n.blog-shortcode.blog-masonry-shortcode-id-73f840b63253155c857e8305d55e51f2.dividers-on:not(.mode-masonry) article.visible.first:not(.product) {\n  margin-top: 0;\n  padding-top: 0;\n}\n.blog-shortcode.blog-masonry-shortcode-id-73f840b63253155c857e8305d55e51f2 .post-thumbnail-wrap {\n  padding: 0px 0px 0px 0px;\n}\n.blog-shortcode.blog-masonry-shortcode-id-73f840b63253155c857e8305d55e51f2.enable-bg-rollover .post-thumbnail-rollover:after {\n  background: -webkit-linear-gradient();\n  background: linear-gradient();\n}\n.blog-shortcode.blog-masonry-shortcode-id-73f840b63253155c857e8305d55e51f2 .gallery-zoom-ico {\n  width: 44px;\n  height: 44px;\n  line-height: 44px;\n  border-radius: 100px;\n  margin: -22px 0 0 -22px;\n  border-width: 0px;\n  color: #ffffff;\n}\n.bottom-overlap-layout-list.blog-shortcode.blog-masonry-shortcode-id-73f840b63253155c857e8305d55e51f2 .gallery-zoom-ico {\n  margin-top: -72px;\n}\n.gradient-overlay-layout-list.blog-shortcode.blog-masonry-shortcode-id-73f840b63253155c857e8305d55e51f2 .gallery-zoom-ico,\n.content-rollover-layout-list.blog-shortcode.blog-masonry-shortcode-id-73f840b63253155c857e8305d55e51f2 .gallery-zoom-ico {\n  margin: 0 0 10px;\n}\n.content-align-center.gradient-overlay-layout-list.blog-shortcode.blog-masonry-shortcode-id-73f840b63253155c857e8305d55e51f2 .gallery-zoom-ico,\n.content-align-center.content-rollover-layout-list.blog-shortcode.blog-masonry-shortcode-id-73f840b63253155c857e8305d55e51f2 .gallery-zoom-ico {\n  margin: 0 auto 10px;\n}\n.dt-icon-bg-on.blog-shortcode.blog-masonry-shortcode-id-73f840b63253155c857e8305d55e51f2 .gallery-zoom-ico {\n  background: rgba(255,255,255,0.3);\n  box-shadow: none;\n}\n.blog-shortcode.blog-masonry-shortcode-id-73f840b63253155c857e8305d55e51f2 .gallery-zoom-ico > span,\n.blog-shortcode.blog-masonry-shortcode-id-73f840b63253155c857e8305d55e51f2 .gallery-zoom-ico:before {\n  font-size: 32px;\n  line-height: 44px;\n}\n.blog-shortcode.blog-masonry-shortcode-id-73f840b63253155c857e8305d55e51f2 .gallery-zoom-ico > span,\n.blog-shortcode.blog-masonry-shortcode-id-73f840b63253155c857e8305d55e51f2 .gallery-zoom-ico:before {\n  color: #ffffff;\n}\n.blog-shortcode.blog-masonry-shortcode-id-73f840b63253155c857e8305d55e51f2 .entry-title,\n.blog-shortcode.blog-masonry-shortcode-id-73f840b63253155c857e8305d55e51f2.owl-carousel .entry-title {\n  margin-bottom: 5px;\n  font-weight: bold;\n}\n.blog-shortcode.blog-masonry-shortcode-id-73f840b63253155c857e8305d55e51f2 .entry-meta {\n  margin-bottom: 15px;\n}\n.blog-shortcode.blog-masonry-shortcode-id-73f840b63253155c857e8305d55e51f2 .portfolio-categories {\n  margin-bottom: 15px;\n}\n.blog-shortcode.blog-masonry-shortcode-id-73f840b63253155c857e8305d55e51f2 .entry-excerpt {\n  margin-bottom: 5px;\n}\n.blog-shortcode.blog-masonry-shortcode-id-73f840b63253155c857e8305d55e51f2:not(.centered-layout-list) .post-entry-content {\n  padding: 25px 30px 30px 30px;\n}\n.blog-shortcode.blog-masonry-shortcode-id-73f840b63253155c857e8305d55e51f2:not(.centered-layout-list):not(.content-bg-on):not(.mode-list) .no-img .post-entry-content {\n  padding: 0;\n}\n@media screen and (max-width: ) {\n  .blog-shortcode.blog-masonry-shortcode-id-73f840b63253155c857e8305d55e51f2 article {\n    -ms-flex-flow: column nowrap;\n    flex-flow: column nowrap;\n    margin-top: 20px;\n  }\n  .blog-shortcode.blog-masonry-shortcode-id-73f840b63253155c857e8305d55e51f2.dividers-on article {\n    border: none;\n  }\n  .blog-shortcode.blog-masonry-shortcode-id-73f840b63253155c857e8305d55e51f2.content-bg-on.centered-layout-list article {\n    padding: 0;\n  }\n  .blog-shortcode.blog-masonry-shortcode-id-73f840b63253155c857e8305d55e51f2.blog-shortcode.dividers-on article,\n  .blog-shortcode.blog-masonry-shortcode-id-73f840b63253155c857e8305d55e51f2.dividers-on.classic-layout-list article {\n    margin-top: 20px;\n    padding: 0;\n  }\n  .blog-shortcode.blog-masonry-shortcode-id-73f840b63253155c857e8305d55e51f2.blog-shortcode.dividers-on article:first-of-type,\n  .blog-shortcode.blog-masonry-shortcode-id-73f840b63253155c857e8305d55e51f2.dividers-on.classic-layout-list article:first-of-type {\n    padding: 0;\n  }\n  #page .blog-shortcode.blog-masonry-shortcode-id-73f840b63253155c857e8305d55e51f2 .post-thumbnail-wrap,\n  #page .blog-shortcode.blog-masonry-shortcode-id-73f840b63253155c857e8305d55e51f2 .post-entry-content {\n    width: 100%;\n    margin: 0;\n    top: 0;\n  }\n  #page .blog-shortcode.blog-masonry-shortcode-id-73f840b63253155c857e8305d55e51f2 .post-thumbnail-wrap {\n    padding: 0;\n  }\n  #page .blog-shortcode.blog-masonry-shortcode-id-73f840b63253155c857e8305d55e51f2 .post-entry-content:after {\n    display: none;\n  }\n  #page .blog-shortcode.blog-masonry-shortcode-id-73f840b63253155c857e8305d55e51f2 .project-even .post-thumbnail-wrap,\n  #page .blog-shortcode.blog-masonry-shortcode-id-73f840b63253155c857e8305d55e51f2.centered-layout-list .post-thumbnail-wrap {\n    -ms-flex-order: 0;\n    order: 0;\n  }\n  #page .blog-shortcode.blog-masonry-shortcode-id-73f840b63253155c857e8305d55e51f2.centered-layout-list .post-entry-title-content {\n    -ms-flex-order: 1;\n    order: 1;\n    width: 100%;\n    padding: 20px 20px 0;\n  }\n  #page .blog-shortcode.blog-masonry-shortcode-id-73f840b63253155c857e8305d55e51f2.centered-layout-list .post-entry-content {\n    -ms-flex-order: 2;\n    order: 2;\n    padding-top: 0;\n  }\n  #page .blog-shortcode.blog-masonry-shortcode-id-73f840b63253155c857e8305d55e51f2 .fancy-categories {\n    top: 10px;\n    left: 10px;\n    bottom: auto;\n    right: auto;\n  }\n  #page .blog-shortcode.blog-masonry-shortcode-id-73f840b63253155c857e8305d55e51f2 .fancy-date a {\n    top: 10px;\n    right: 10px;\n    left: auto;\n    bottom: auto;\n  }\n  #page .blog-shortcode.blog-masonry-shortcode-id-73f840b63253155c857e8305d55e51f2 .post-entry-content {\n    padding: 20px;\n  }\n  #page .blog-shortcode.blog-masonry-shortcode-id-73f840b63253155c857e8305d55e51f2 .entry-title {\n    margin: 3px 0 5px;\n    font-size: 20px;\n    line-height: 26px;\n  }\n  #page .blog-shortcode.blog-masonry-shortcode-id-73f840b63253155c857e8305d55e51f2 .entry-meta {\n    margin: 5px 0 5px;\n  }\n  #page .blog-shortcode.blog-masonry-shortcode-id-73f840b63253155c857e8305d55e51f2 .entry-excerpt {\n    margin: 15px 0 0;\n  }\n  #page .blog-shortcode.blog-masonry-shortcode-id-73f840b63253155c857e8305d55e51f2 .post-details {\n    margin: 5px 0 10px;\n  }\n  #page .blog-shortcode.blog-masonry-shortcode-id-73f840b63253155c857e8305d55e51f2 .post-details.details-type-link {\n    margin-bottom: 2px;\n  }\n}\n.blog-shortcode.blog-masonry-shortcode-id-73f840b63253155c857e8305d55e51f2:not(.resize-by-browser-width) .dt-css-grid {\n  grid-row-gap: 30px;\n  grid-column-gap: 30px;\n  grid-template-columns: repeat(auto-fill,minmax(,1fr));\n}\n.blog-shortcode.blog-masonry-shortcode-id-73f840b63253155c857e8305d55e51f2:not(.resize-by-browser-width) .dt-css-grid .double-width {\n  grid-column: span 2;\n}\n.cssgridlegacy.no-cssgrid .blog-shortcode.blog-masonry-shortcode-id-73f840b63253155c857e8305d55e51f2:not(.resize-by-browser-width) .dt-css-grid,\n.no-cssgridlegacy.no-cssgrid .blog-shortcode.blog-masonry-shortcode-id-73f840b63253155c857e8305d55e51f2:not(.resize-by-browser-width) .dt-css-grid {\n  display: flex;\n  flex-flow: row wrap;\n  margin: -15px;\n}\n.cssgridlegacy.no-cssgrid .blog-shortcode.blog-masonry-shortcode-id-73f840b63253155c857e8305d55e51f2:not(.resize-by-browser-width) .dt-css-grid .wf-cell,\n.no-cssgridlegacy.no-cssgrid .blog-shortcode.blog-masonry-shortcode-id-73f840b63253155c857e8305d55e51f2:not(.resize-by-browser-width) .dt-css-grid .wf-cell {\n  flex: 1 0 ;\n  max-width: 100%;\n  padding: 15px;\n  box-sizing: border-box;\n}\n.blog-shortcode.blog-masonry-shortcode-id-73f840b63253155c857e8305d55e51f2.resize-by-browser-width .dt-css-grid {\n  grid-template-columns: repeat(3,1fr);\n  grid-template-rows: auto;\n  grid-column-gap: 30px;\n  grid-row-gap: 30px;\n}\n.blog-shortcode.blog-masonry-shortcode-id-73f840b63253155c857e8305d55e51f2.resize-by-browser-width .dt-css-grid .double-width {\n  grid-column: span 2;\n}\n.cssgridlegacy.no-cssgrid .blog-shortcode.blog-masonry-shortcode-id-73f840b63253155c857e8305d55e51f2.resize-by-browser-width .dt-css-grid {\n  margin: -15px;\n}\n.cssgridlegacy.no-cssgrid .blog-shortcode.blog-masonry-shortcode-id-73f840b63253155c857e8305d55e51f2.resize-by-browser-width .dt-css-grid .wf-cell {\n  width: 33.333333333333%;\n  padding: 15px;\n}\n.cssgridlegacy.no-cssgrid .blog-shortcode.blog-masonry-shortcode-id-73f840b63253155c857e8305d55e51f2.resize-by-browser-width .dt-css-grid .wf-cell.double-width {\n  width: calc(33.333333333333%) * 2;\n}\n.blog-shortcode.blog-masonry-shortcode-id-73f840b63253155c857e8305d55e51f2.resize-by-browser-width:not(.centered-layout-list):not(.content-bg-on) .dt-css-grid {\n  grid-row-gap: 0px;\n}\n@media screen and (max-width: 1199px) {\n  .blog-shortcode.blog-masonry-shortcode-id-73f840b63253155c857e8305d55e51f2.resize-by-browser-width .dt-css-grid {\n    grid-template-columns: repeat(3,1fr);\n  }\n  .cssgridlegacy.no-cssgrid .blog-shortcode.blog-masonry-shortcode-id-73f840b63253155c857e8305d55e51f2.resize-by-browser-width .dt-css-grid .wf-cell,\n  .no-cssgridlegacy.no-cssgrid .blog-shortcode.blog-masonry-shortcode-id-73f840b63253155c857e8305d55e51f2.resize-by-browser-width .dt-css-grid .wf-cell {\n    width: 33.333333333333%;\n  }\n  .cssgridlegacy.no-cssgrid .blog-shortcode.blog-masonry-shortcode-id-73f840b63253155c857e8305d55e51f2.resize-by-browser-width .dt-css-grid .wf-cell.double-width,\n  .no-cssgridlegacy.no-cssgrid .blog-shortcode.blog-masonry-shortcode-id-73f840b63253155c857e8305d55e51f2.resize-by-browser-width .dt-css-grid .wf-cell.double-width {\n    width: calc(33.333333333333%)*2;\n  }\n}\n@media screen and (max-width: 991px) {\n  .blog-shortcode.blog-masonry-shortcode-id-73f840b63253155c857e8305d55e51f2.resize-by-browser-width .dt-css-grid {\n    grid-template-columns: repeat(2,1fr);\n  }\n  .cssgridlegacy.no-cssgrid .blog-shortcode.blog-masonry-shortcode-id-73f840b63253155c857e8305d55e51f2.resize-by-browser-width .dt-css-grid .wf-cell,\n  .no-cssgridlegacy.no-cssgrid .blog-shortcode.blog-masonry-shortcode-id-73f840b63253155c857e8305d55e51f2.resize-by-browser-width .dt-css-grid .wf-cell {\n    width: 50%;\n  }\n  .cssgridlegacy.no-cssgrid .blog-shortcode.blog-masonry-shortcode-id-73f840b63253155c857e8305d55e51f2.resize-by-browser-width .dt-css-grid .wf-cell.double-width,\n  .no-cssgridlegacy.no-cssgrid .blog-shortcode.blog-masonry-shortcode-id-73f840b63253155c857e8305d55e51f2.resize-by-browser-width .dt-css-grid .wf-cell.double-width {\n    width: calc(50%)*2;\n  }\n}\n@media screen and (max-width: 767px) {\n  .blog-shortcode.blog-masonry-shortcode-id-73f840b63253155c857e8305d55e51f2.resize-by-browser-width .dt-css-grid {\n    grid-template-columns: repeat(1,1fr);\n  }\n  .blog-shortcode.blog-masonry-shortcode-id-73f840b63253155c857e8305d55e51f2.resize-by-browser-width .dt-css-grid .double-width {\n    grid-column: span 1;\n  }\n  .cssgridlegacy.no-cssgrid .blog-shortcode.blog-masonry-shortcode-id-73f840b63253155c857e8305d55e51f2.resize-by-browser-width .dt-css-grid .wf-cell,\n  .no-cssgridlegacy.no-cssgrid .blog-shortcode.blog-masonry-shortcode-id-73f840b63253155c857e8305d55e51f2.resize-by-browser-width .dt-css-grid .wf-cell {\n    width: 100%;\n  }\n  .cssgridlegacy.no-cssgrid .blog-shortcode.blog-masonry-shortcode-id-73f840b63253155c857e8305d55e51f2.resize-by-browser-width .dt-css-grid .wf-cell.double-width,\n  .no-cssgridlegacy.no-cssgrid .blog-shortcode.blog-masonry-shortcode-id-73f840b63253155c857e8305d55e51f2.resize-by-browser-width .dt-css-grid .wf-cell.double-width {\n    width: calc(100%)*2;\n  }\n}\n<\/style><div class=\"blog-shortcode blog-masonry-shortcode-id-73f840b63253155c857e8305d55e51f2 mode-grid classic-layout-list content-bg-on scale-img dt-css-grid-wrap dt-icon-bg-off resize-by-browser-width loading-effect-none description-under-image \" data-padding=\"15px\" data-cur-page=\"1\" data-post-limit=\"-1\" data-pagination-mode=\"pages\" data-desktop-columns-num=\"3\" data-v-tablet-columns-num=\"2\" data-h-tablet-columns-num=\"3\" data-phone-columns-num=\"1\" data-width=\"0px\" data-columns=\"0\"><div class=\"dt-css-grid\" ><div class=\"visible wf-cell\" data-post-id=\"12313\" data-date=\"2026-04-26T16:30:48+02:00\" data-name=\"VK Korana osvojila dva srebra na Hrvatskom vesla\u010dkom prvenstvu 2026.\"><article class=\"post project-odd visible post-12313 type-post status-publish format-standard has-post-thumbnail hentry category-uncategorized category-1\" data-name=\"VK Korana osvojila dva srebra na Hrvatskom vesla\u010dkom prvenstvu 2026.\" data-date=\"2026-04-26T16:30:48+02:00\">\n\n<div class=\"post-thumbnail-wrap\">\n\t<div class=\"post-thumbnail\">\n\t\t\n\t\t\n\t\t<a href=\"http:\/\/www.vk-korana.hr\/?p=12313\" class=\"post-thumbnail-rollover layzr-bg layzr-bg\" ><img fetchpriority=\"high\" decoding=\"async\" class=\"iso-lazy-load preload-me iso-lazy-load aspect\" src=\"data:image\/svg+xml,%3Csvg%20xmlns%3D&#39;http%3A%2F%2Fwww.w3.org%2F2000%2Fsvg&#39;%20viewBox%3D&#39;0%200%20768%20512&#39;%2F%3E\" data-src=\"http:\/\/www.vk-korana.hr\/wordpress\/wp-content\/uploads\/2026\/04\/90d01343-cbdc-48db-8a5b-5a52c65f6a64-1-768x512.jpg\" data-srcset=\"http:\/\/www.vk-korana.hr\/wordpress\/wp-content\/uploads\/2026\/04\/90d01343-cbdc-48db-8a5b-5a52c65f6a64-1-768x512.jpg 768w, http:\/\/www.vk-korana.hr\/wordpress\/wp-content\/uploads\/2026\/04\/90d01343-cbdc-48db-8a5b-5a52c65f6a64-1-1152x768.jpg 1152w\" loading=\"eager\" style=\"--ratio: 768 \/ 512\" sizes=\"(max-width: 768px) 100vw, 768px\" alt=\"\" title=\"90d01343-cbdc-48db-8a5b-5a52c65f6a64 (1)\" width=\"768\" height=\"512\"  \/><\/a>\t<\/div>\n<\/div>\n\n\n<div class=\"post-entry-content\">\n\n\t<h3 class=\"entry-title\">\n\t\t<a href=\"http:\/\/www.vk-korana.hr\/?p=12313\" title=\"VK Korana osvojila dva srebra na Hrvatskom vesla\u010dkom prvenstvu 2026.\" rel=\"bookmark\">VK Korana osvojila dva srebra na Hrvatskom vesla\u010dkom prvenstvu 2026.<\/a>\n\t<\/h3>\n\n\t<div class=\"entry-meta\"><span class=\"category-link\"><a href=\"http:\/\/www.vk-korana.hr\/?cat=1\" rel=\"category\">Uncategorized<\/a><\/span><a href=\"http:\/\/www.vk-korana.hr\/?m=20260426\" title=\"16:30\" class=\"data-link\" rel=\"bookmark\"><time class=\"entry-date updated\" datetime=\"2026-04-26T16:30:48+02:00\">26\/04\/2026<\/time><\/a><\/div>\n\t<div class=\"entry-excerpt\"><p>Pod vodstvom trenera Zlatka Katu\u0161ina, vesla\u010di i vesla\u010dice VK Korane nastupili su proteklog vikenda na Hrvatskom vesla\u010dkom prvenstvu za seniore&hellip;<\/p>\n<\/div>\n\t\n<a href=\"http:\/\/www.vk-korana.hr\/?p=12313\" class=\"post-details details-type-link\" aria-label=\"Read more about VK Korana osvojila dva srebra na Hrvatskom vesla\u010dkom prvenstvu 2026.\">Pro\u010ditaj vi\u0161e<i class=\"dt-icon-the7-arrow-03\" aria-hidden=\"true\"><\/i><\/a>\n\n<\/div><\/article><\/div><div class=\"visible wf-cell\" data-post-id=\"12303\" data-date=\"2026-03-03T22:29:53+02:00\" data-name=\"Odr\u017eana Izvje\u0161tajna godi\u0161nja skup\u0161tina Vesla\u010dkog kluba Korana\"><article class=\"post project-odd visible post-12303 type-post status-publish format-standard has-post-thumbnail hentry category-uncategorized category-1\" data-name=\"Odr\u017eana Izvje\u0161tajna godi\u0161nja skup\u0161tina Vesla\u010dkog kluba Korana\" data-date=\"2026-03-03T22:29:53+02:00\">\n\n<div class=\"post-thumbnail-wrap\">\n\t<div class=\"post-thumbnail\">\n\t\t\n\t\t\n\t\t<a href=\"http:\/\/www.vk-korana.hr\/?p=12303\" class=\"post-thumbnail-rollover layzr-bg layzr-bg\" ><img decoding=\"async\" class=\"iso-lazy-load preload-me iso-lazy-load aspect\" src=\"data:image\/svg+xml,%3Csvg%20xmlns%3D&#39;http%3A%2F%2Fwww.w3.org%2F2000%2Fsvg&#39;%20viewBox%3D&#39;0%200%20768%20512&#39;%2F%3E\" data-src=\"http:\/\/www.vk-korana.hr\/wordpress\/wp-content\/uploads\/2026\/03\/8ec2365a-9ab0-4ac0-be97-0917cb8317e1-768x512.jpeg\" data-srcset=\"http:\/\/www.vk-korana.hr\/wordpress\/wp-content\/uploads\/2026\/03\/8ec2365a-9ab0-4ac0-be97-0917cb8317e1-768x512.jpeg 768w, http:\/\/www.vk-korana.hr\/wordpress\/wp-content\/uploads\/2026\/03\/8ec2365a-9ab0-4ac0-be97-0917cb8317e1-1152x768.jpeg 1152w\" loading=\"eager\" style=\"--ratio: 768 \/ 512\" sizes=\"(max-width: 768px) 100vw, 768px\" alt=\"\" title=\"8ec2365a-9ab0-4ac0-be97-0917cb8317e1\" width=\"768\" height=\"512\"  \/><\/a>\t<\/div>\n<\/div>\n\n\n<div class=\"post-entry-content\">\n\n\t<h3 class=\"entry-title\">\n\t\t<a href=\"http:\/\/www.vk-korana.hr\/?p=12303\" title=\"Odr\u017eana Izvje\u0161tajna godi\u0161nja skup\u0161tina Vesla\u010dkog kluba Korana\" rel=\"bookmark\">Odr\u017eana Izvje\u0161tajna godi\u0161nja skup\u0161tina Vesla\u010dkog kluba Korana<\/a>\n\t<\/h3>\n\n\t<div class=\"entry-meta\"><span class=\"category-link\"><a href=\"http:\/\/www.vk-korana.hr\/?cat=1\" rel=\"category\">Uncategorized<\/a><\/span><a href=\"http:\/\/www.vk-korana.hr\/?m=20260303\" title=\"22:29\" class=\"data-link\" rel=\"bookmark\"><time class=\"entry-date updated\" datetime=\"2026-03-03T22:29:53+02:00\">03\/03\/2026<\/time><\/a><\/div>\n\t<div class=\"entry-excerpt\"><p>U restoranu KVAKA 1. o\u017eujka 2026. godine odr\u017eana je Izvje\u0161tajna godi\u0161nja skup\u0161tina Vesla\u010dkog kluba \u201eKorana\u201c. Skup\u0161tinu je otvorio predsjednik kluba,&hellip;<\/p>\n<\/div>\n\t\n<a href=\"http:\/\/www.vk-korana.hr\/?p=12303\" class=\"post-details details-type-link\" aria-label=\"Read more about Odr\u017eana Izvje\u0161tajna godi\u0161nja skup\u0161tina Vesla\u010dkog kluba Korana\">Pro\u010ditaj vi\u0161e<i class=\"dt-icon-the7-arrow-03\" aria-hidden=\"true\"><\/i><\/a>\n\n<\/div><\/article><\/div><div class=\"visible wf-cell\" data-post-id=\"12299\" data-date=\"2026-03-01T09:56:40+02:00\" data-name=\"Nastup vesla\u010da VK Korane na Croatia indoor rowing championship 2026\"><article class=\"post project-odd visible post-12299 type-post status-publish format-standard has-post-thumbnail hentry category-uncategorized category-1\" data-name=\"Nastup vesla\u010da VK Korane na Croatia indoor rowing championship 2026\" data-date=\"2026-03-01T09:56:40+02:00\">\n\n<div class=\"post-thumbnail-wrap\">\n\t<div class=\"post-thumbnail\">\n\t\t\n\t\t\n\t\t<a href=\"http:\/\/www.vk-korana.hr\/?p=12299\" class=\"post-thumbnail-rollover layzr-bg layzr-bg\" ><img decoding=\"async\" class=\"iso-lazy-load preload-me iso-lazy-load aspect\" src=\"data:image\/svg+xml,%3Csvg%20xmlns%3D&#39;http%3A%2F%2Fwww.w3.org%2F2000%2Fsvg&#39;%20viewBox%3D&#39;0%200%20768%20512&#39;%2F%3E\" data-src=\"http:\/\/www.vk-korana.hr\/wordpress\/wp-content\/uploads\/2026\/03\/641672092_897727303142132_822278179146731404_n-768x512.jpg\" data-srcset=\"http:\/\/www.vk-korana.hr\/wordpress\/wp-content\/uploads\/2026\/03\/641672092_897727303142132_822278179146731404_n-768x512.jpg 768w, http:\/\/www.vk-korana.hr\/wordpress\/wp-content\/uploads\/2026\/03\/641672092_897727303142132_822278179146731404_n-1152x768.jpg 1152w\" loading=\"eager\" style=\"--ratio: 768 \/ 512\" sizes=\"(max-width: 768px) 100vw, 768px\" alt=\"\" title=\"641672092_897727303142132_822278179146731404_n\" width=\"768\" height=\"512\"  \/><\/a>\t<\/div>\n<\/div>\n\n\n<div class=\"post-entry-content\">\n\n\t<h3 class=\"entry-title\">\n\t\t<a href=\"http:\/\/www.vk-korana.hr\/?p=12299\" title=\"Nastup vesla\u010da VK Korane na Croatia indoor rowing championship 2026\" rel=\"bookmark\">Nastup vesla\u010da VK Korane na Croatia indoor rowing championship 2026<\/a>\n\t<\/h3>\n\n\t<div class=\"entry-meta\"><span class=\"category-link\"><a href=\"http:\/\/www.vk-korana.hr\/?cat=1\" rel=\"category\">Uncategorized<\/a><\/span><a href=\"http:\/\/www.vk-korana.hr\/?m=20260301\" title=\"09:56\" class=\"data-link\" rel=\"bookmark\"><time class=\"entry-date updated\" datetime=\"2026-03-01T09:56:40+02:00\">01\/03\/2026<\/time><\/a><\/div>\n\t<div class=\"entry-excerpt\"><p>\u010clanovi Vesla\u010dkog kluba &#8220;Korana&#8221; nastupili su u subotu u Rijeci na Dr\u017eavnom prvenstvu na ergometrima, Croatia indoor rowing Championship pod&hellip;<\/p>\n<\/div>\n\t\n<a href=\"http:\/\/www.vk-korana.hr\/?p=12299\" class=\"post-details details-type-link\" aria-label=\"Read more about Nastup vesla\u010da VK Korane na Croatia indoor rowing championship 2026\">Pro\u010ditaj vi\u0161e<i class=\"dt-icon-the7-arrow-03\" aria-hidden=\"true\"><\/i><\/a>\n\n<\/div><\/article><\/div><div class=\"visible wf-cell\" data-post-id=\"12290\" data-date=\"2026-02-03T20:46:49+02:00\" data-name=\"Vesla\u010di Korane me\u0111u najuspje\u0161nijima u karlova\u010dkom sportu u 2025. Godini\"><article class=\"post project-odd visible post-12290 type-post status-publish format-standard has-post-thumbnail hentry category-uncategorized category-1\" data-name=\"Vesla\u010di Korane me\u0111u najuspje\u0161nijima u karlova\u010dkom sportu u 2025. Godini\" data-date=\"2026-02-03T20:46:49+02:00\">\n\n<div class=\"post-thumbnail-wrap\">\n\t<div class=\"post-thumbnail\">\n\t\t\n\t\t\n\t\t<a href=\"http:\/\/www.vk-korana.hr\/?p=12290\" class=\"post-thumbnail-rollover layzr-bg layzr-bg\" ><img decoding=\"async\" class=\"iso-lazy-load preload-me iso-lazy-load aspect\" src=\"data:image\/svg+xml,%3Csvg%20xmlns%3D&#39;http%3A%2F%2Fwww.w3.org%2F2000%2Fsvg&#39;%20viewBox%3D&#39;0%200%20768%20512&#39;%2F%3E\" data-src=\"http:\/\/www.vk-korana.hr\/wordpress\/wp-content\/uploads\/2026\/02\/IMG_9385-768x512.webp\" data-srcset=\"http:\/\/www.vk-korana.hr\/wordpress\/wp-content\/uploads\/2026\/02\/IMG_9385-768x512.webp 768w, http:\/\/www.vk-korana.hr\/wordpress\/wp-content\/uploads\/2026\/02\/IMG_9385-960x640.webp 960w\" loading=\"eager\" style=\"--ratio: 768 \/ 512\" sizes=\"(max-width: 768px) 100vw, 768px\" alt=\"\" title=\"IMG_9385\" width=\"768\" height=\"512\"  \/><\/a>\t<\/div>\n<\/div>\n\n\n<div class=\"post-entry-content\">\n\n\t<h3 class=\"entry-title\">\n\t\t<a href=\"http:\/\/www.vk-korana.hr\/?p=12290\" title=\"Vesla\u010di Korane me\u0111u najuspje\u0161nijima u karlova\u010dkom sportu u 2025. Godini\" rel=\"bookmark\">Vesla\u010di Korane me\u0111u najuspje\u0161nijima u karlova\u010dkom sportu u 2025. Godini<\/a>\n\t<\/h3>\n\n\t<div class=\"entry-meta\"><span class=\"category-link\"><a href=\"http:\/\/www.vk-korana.hr\/?cat=1\" rel=\"category\">Uncategorized<\/a><\/span><a href=\"http:\/\/www.vk-korana.hr\/?m=20260203\" title=\"20:46\" class=\"data-link\" rel=\"bookmark\"><time class=\"entry-date updated\" datetime=\"2026-02-03T20:46:49+02:00\">03\/02\/2026<\/time><\/a><\/div>\n\t<div class=\"entry-excerpt\"><p>Vesla\u010dki klub Korana imao je iznimno uspje\u0161nu 2025. godinu, \u0161to je potvr\u0111eno i na 63. izboru najuspje\u0161nijih u organizaciji Karlova\u010dke&hellip;<\/p>\n<\/div>\n\t\n<a href=\"http:\/\/www.vk-korana.hr\/?p=12290\" class=\"post-details details-type-link\" aria-label=\"Read more about Vesla\u010di Korane me\u0111u najuspje\u0161nijima u karlova\u010dkom sportu u 2025. Godini\">Pro\u010ditaj vi\u0161e<i class=\"dt-icon-the7-arrow-03\" aria-hidden=\"true\"><\/i><\/a>\n\n<\/div><\/article><\/div><div class=\"visible wf-cell\" data-post-id=\"12285\" data-date=\"2025-10-27T23:33:13+02:00\" data-name=\"Sve\u010danom Akademijom obilje\u017eena je 90. obljetnica osnutka Vesla\u010dkog kluba Korana\"><article class=\"post project-odd visible no-img post-12285 type-post status-publish format-standard hentry category-uncategorized category-1\" data-name=\"Sve\u010danom Akademijom obilje\u017eena je 90. obljetnica osnutka Vesla\u010dkog kluba Korana\" data-date=\"2025-10-27T23:33:13+02:00\">\n\n<div class=\"post-entry-content\">\n\n\t<h3 class=\"entry-title\">\n\t\t<a href=\"http:\/\/www.vk-korana.hr\/?p=12285\" title=\"Sve\u010danom Akademijom obilje\u017eena je 90. obljetnica osnutka Vesla\u010dkog kluba Korana\" rel=\"bookmark\">Sve\u010danom Akademijom obilje\u017eena je 90. obljetnica osnutka Vesla\u010dkog kluba Korana<\/a>\n\t<\/h3>\n\n\t<div class=\"entry-meta\"><span class=\"category-link\"><a href=\"http:\/\/www.vk-korana.hr\/?cat=1\" rel=\"category\">Uncategorized<\/a><\/span><a href=\"http:\/\/www.vk-korana.hr\/?m=20251027\" title=\"23:33\" class=\"data-link\" rel=\"bookmark\"><time class=\"entry-date updated\" datetime=\"2025-10-27T23:33:13+02:00\">27\/10\/2025<\/time><\/a><\/div>\n\t<div class=\"entry-excerpt\"><p>Sve\u010dana Akademija odr\u017eana je 18.07.2025. g. u kinu Edison. Samoj Akademijiprethodila je otvaranje izlo\u017ebe fotografija iz starije i novije povijesti&hellip;<\/p>\n<\/div>\n\t\n<a href=\"http:\/\/www.vk-korana.hr\/?p=12285\" class=\"post-details details-type-link\" aria-label=\"Read more about Sve\u010danom Akademijom obilje\u017eena je 90. obljetnica osnutka Vesla\u010dkog kluba Korana\">Pro\u010ditaj vi\u0161e<i class=\"dt-icon-the7-arrow-03\" aria-hidden=\"true\"><\/i><\/a>\n\n<\/div><\/article><\/div><div class=\"visible wf-cell\" data-post-id=\"12268\" data-date=\"2025-10-04T18:10:54+02:00\" data-name=\"Nastup VK Korane na Finalu Hrvatskog vesla\u010dkog kupa u Osijeku\"><article class=\"post project-odd visible post-12268 type-post status-publish format-standard has-post-thumbnail hentry category-uncategorized category-1\" data-name=\"Nastup VK Korane na Finalu Hrvatskog vesla\u010dkog kupa u Osijeku\" data-date=\"2025-10-04T18:10:54+02:00\">\n\n<div class=\"post-thumbnail-wrap\">\n\t<div class=\"post-thumbnail\">\n\t\t\n\t\t\n\t\t<a href=\"http:\/\/www.vk-korana.hr\/?p=12268\" class=\"post-thumbnail-rollover layzr-bg layzr-bg\" ><img decoding=\"async\" class=\"iso-lazy-load preload-me iso-lazy-load aspect\" src=\"data:image\/svg+xml,%3Csvg%20xmlns%3D&#39;http%3A%2F%2Fwww.w3.org%2F2000%2Fsvg&#39;%20viewBox%3D&#39;0%200%20768%20512&#39;%2F%3E\" data-src=\"http:\/\/www.vk-korana.hr\/wordpress\/wp-content\/uploads\/2025\/10\/1000026131-2-768x512.jpg\" data-srcset=\"http:\/\/www.vk-korana.hr\/wordpress\/wp-content\/uploads\/2025\/10\/1000026131-2-768x512.jpg 768w, http:\/\/www.vk-korana.hr\/wordpress\/wp-content\/uploads\/2025\/10\/1000026131-2-1152x768.jpg 1152w\" loading=\"eager\" style=\"--ratio: 768 \/ 512\" sizes=\"(max-width: 768px) 100vw, 768px\" alt=\"\" title=\"1000026131 (2)\" width=\"768\" height=\"512\"  \/><\/a>\t<\/div>\n<\/div>\n\n\n<div class=\"post-entry-content\">\n\n\t<h3 class=\"entry-title\">\n\t\t<a href=\"http:\/\/www.vk-korana.hr\/?p=12268\" title=\"Nastup VK Korane na Finalu Hrvatskog vesla\u010dkog kupa u Osijeku\" rel=\"bookmark\">Nastup VK Korane na Finalu Hrvatskog vesla\u010dkog kupa u Osijeku<\/a>\n\t<\/h3>\n\n\t<div class=\"entry-meta\"><span class=\"category-link\"><a href=\"http:\/\/www.vk-korana.hr\/?cat=1\" rel=\"category\">Uncategorized<\/a><\/span><a href=\"http:\/\/www.vk-korana.hr\/?m=20251004\" title=\"18:10\" class=\"data-link\" rel=\"bookmark\"><time class=\"entry-date updated\" datetime=\"2025-10-04T18:10:54+02:00\">04\/10\/2025<\/time><\/a><\/div>\n\t<div class=\"entry-excerpt\"><p>Vesla\u010dki klub Korana uspje\u0161no je nastupio na Finalu Hrvatskog vesla\u010dkog kupa 2025. koje je odr\u017eano u Osijeku. Pod vodstvom trenera&hellip;<\/p>\n<\/div>\n\t\n<a href=\"http:\/\/www.vk-korana.hr\/?p=12268\" class=\"post-details details-type-link\" aria-label=\"Read more about Nastup VK Korane na Finalu Hrvatskog vesla\u010dkog kupa u Osijeku\">Pro\u010ditaj vi\u0161e<i class=\"dt-icon-the7-arrow-03\" aria-hidden=\"true\"><\/i><\/a>\n\n<\/div><\/article><\/div><div class=\"visible wf-cell\" data-post-id=\"12264\" data-date=\"2025-09-15T15:53:35+02:00\" data-name=\"Vesla\u010dica VK Korane Ema Hodak osvojila dvije srebrne medalje na Prvenstvu Balkana u veslanju za juniore\"><article class=\"post project-odd visible post-12264 type-post status-publish format-standard has-post-thumbnail hentry category-veslaci category-15\" data-name=\"Vesla\u010dica VK Korane Ema Hodak osvojila dvije srebrne medalje na Prvenstvu Balkana u veslanju za juniore\" data-date=\"2025-09-15T15:53:35+02:00\">\n\n<div class=\"post-thumbnail-wrap\">\n\t<div class=\"post-thumbnail\">\n\t\t\n\t\t\n\t\t<a href=\"http:\/\/www.vk-korana.hr\/?p=12264\" class=\"post-thumbnail-rollover layzr-bg layzr-bg\" ><img decoding=\"async\" class=\"iso-lazy-load preload-me iso-lazy-load aspect\" src=\"data:image\/svg+xml,%3Csvg%20xmlns%3D&#39;http%3A%2F%2Fwww.w3.org%2F2000%2Fsvg&#39;%20viewBox%3D&#39;0%200%20768%20512&#39;%2F%3E\" data-src=\"http:\/\/www.vk-korana.hr\/wordpress\/wp-content\/uploads\/2025\/09\/548262591_806018061776217_7016039637291048336_n-1-768x512.jpg\" data-srcset=\"http:\/\/www.vk-korana.hr\/wordpress\/wp-content\/uploads\/2025\/09\/548262591_806018061776217_7016039637291048336_n-1-768x512.jpg 768w, http:\/\/www.vk-korana.hr\/wordpress\/wp-content\/uploads\/2025\/09\/548262591_806018061776217_7016039637291048336_n-1-1152x768.jpg 1152w\" loading=\"eager\" style=\"--ratio: 768 \/ 512\" sizes=\"(max-width: 768px) 100vw, 768px\" alt=\"\" title=\"548262591_806018061776217_7016039637291048336_n (1)\" width=\"768\" height=\"512\"  \/><\/a>\t<\/div>\n<\/div>\n\n\n<div class=\"post-entry-content\">\n\n\t<h3 class=\"entry-title\">\n\t\t<a href=\"http:\/\/www.vk-korana.hr\/?p=12264\" title=\"Vesla\u010dica VK Korane Ema Hodak osvojila dvije srebrne medalje na Prvenstvu Balkana u veslanju za juniore\" rel=\"bookmark\">Vesla\u010dica VK Korane Ema Hodak osvojila dvije srebrne medalje na Prvenstvu Balkana u veslanju za juniore<\/a>\n\t<\/h3>\n\n\t<div class=\"entry-meta\"><span class=\"category-link\"><a href=\"http:\/\/www.vk-korana.hr\/?cat=15\" rel=\"category\">vesla\u010di<\/a><\/span><a href=\"http:\/\/www.vk-korana.hr\/?m=20250915\" title=\"15:53\" class=\"data-link\" rel=\"bookmark\"><time class=\"entry-date updated\" datetime=\"2025-09-15T15:53:35+02:00\">15\/09\/2025<\/time><\/a><\/div>\n\t<div class=\"entry-excerpt\"><p>Na Balkanskom vesla\u010dkom prvenstvu, odr\u017eanom od 13. do 14. rujna 2025. u gr\u010dkom gradu Ioannina, \u010dlanica Vesla\u010dkog kluba Korana Ema&hellip;<\/p>\n<\/div>\n\t\n<a href=\"http:\/\/www.vk-korana.hr\/?p=12264\" class=\"post-details details-type-link\" aria-label=\"Read more about Vesla\u010dica VK Korane Ema Hodak osvojila dvije srebrne medalje na Prvenstvu Balkana u veslanju za juniore\">Pro\u010ditaj vi\u0161e<i class=\"dt-icon-the7-arrow-03\" aria-hidden=\"true\"><\/i><\/a>\n\n<\/div><\/article><\/div><div class=\"visible wf-cell\" data-post-id=\"12260\" data-date=\"2025-08-28T21:30:27+02:00\" data-name=\"Veliki uspjeh VK Korane: Luka Hajdin na U23 Europskom prvenstvu, a Hodak, Jak\u0161i\u0107, Ravnjak\u00a0 na Balkanijadi\"><article class=\"post project-odd visible post-12260 type-post status-publish format-standard has-post-thumbnail hentry category-uncategorized category-1\" data-name=\"Veliki uspjeh VK Korane: Luka Hajdin na U23 Europskom prvenstvu, a Hodak, Jak\u0161i\u0107, Ravnjak\u00a0 na Balkanijadi\" data-date=\"2025-08-28T21:30:27+02:00\">\n\n<div class=\"post-thumbnail-wrap\">\n\t<div class=\"post-thumbnail\">\n\t\t\n\t\t\n\t\t<a href=\"http:\/\/www.vk-korana.hr\/?p=12260\" class=\"post-thumbnail-rollover layzr-bg layzr-bg\" ><img decoding=\"async\" class=\"iso-lazy-load preload-me iso-lazy-load aspect\" src=\"data:image\/svg+xml,%3Csvg%20xmlns%3D&#39;http%3A%2F%2Fwww.w3.org%2F2000%2Fsvg&#39;%20viewBox%3D&#39;0%200%20768%20512&#39;%2F%3E\" data-src=\"http:\/\/www.vk-korana.hr\/wordpress\/wp-content\/uploads\/2025\/08\/1000024358-768x512.jpg\" data-srcset=\"http:\/\/www.vk-korana.hr\/wordpress\/wp-content\/uploads\/2025\/08\/1000024358-768x512.jpg 768w, http:\/\/www.vk-korana.hr\/wordpress\/wp-content\/uploads\/2025\/08\/1000024358-1152x768.jpg 1152w\" loading=\"eager\" style=\"--ratio: 768 \/ 512\" sizes=\"(max-width: 768px) 100vw, 768px\" alt=\"\" title=\"1000024358\" width=\"768\" height=\"512\"  \/><\/a>\t<\/div>\n<\/div>\n\n\n<div class=\"post-entry-content\">\n\n\t<h3 class=\"entry-title\">\n\t\t<a href=\"http:\/\/www.vk-korana.hr\/?p=12260\" title=\"Veliki uspjeh VK Korane: Luka Hajdin na U23 Europskom prvenstvu, a Hodak, Jak\u0161i\u0107, Ravnjak\u00a0 na Balkanijadi\" rel=\"bookmark\">Veliki uspjeh VK Korane: Luka Hajdin na U23 Europskom prvenstvu, a Hodak, Jak\u0161i\u0107, Ravnjak\u00a0 na Balkanijadi<\/a>\n\t<\/h3>\n\n\t<div class=\"entry-meta\"><span class=\"category-link\"><a href=\"http:\/\/www.vk-korana.hr\/?cat=1\" rel=\"category\">Uncategorized<\/a><\/span><a href=\"http:\/\/www.vk-korana.hr\/?m=20250828\" title=\"21:30\" class=\"data-link\" rel=\"bookmark\"><time class=\"entry-date updated\" datetime=\"2025-08-28T21:30:27+02:00\">28\/08\/2025<\/time><\/a><\/div>\n\t<div class=\"entry-excerpt\"><p>Vesla\u010dki klub Korana s ponosom najavljuje novi niz sportskih uspjeha svojih \u010dlanova, koji \u0107e u rujnu braniti boje Hrvatske na&hellip;<\/p>\n<\/div>\n\t\n<a href=\"http:\/\/www.vk-korana.hr\/?p=12260\" class=\"post-details details-type-link\" aria-label=\"Read more about Veliki uspjeh VK Korane: Luka Hajdin na U23 Europskom prvenstvu, a Hodak, Jak\u0161i\u0107, Ravnjak\u00a0 na Balkanijadi\">Pro\u010ditaj vi\u0161e<i class=\"dt-icon-the7-arrow-03\" aria-hidden=\"true\"><\/i><\/a>\n\n<\/div><\/article><\/div><div class=\"visible wf-cell\" data-post-id=\"12250\" data-date=\"2025-08-12T16:27:48+02:00\" data-name=\"Ravnjak i Sredi\u0107 zauzeli 17. mjesto na Svjetskom juniorskom prvenstvu, Jak\u0161i\u0107 zbog bolesti nije nastupio u finalu\"><article class=\"post project-odd visible post-12250 type-post status-publish format-standard has-post-thumbnail hentry category-uncategorized category-1\" data-name=\"Ravnjak i Sredi\u0107 zauzeli 17. mjesto na Svjetskom juniorskom prvenstvu, Jak\u0161i\u0107 zbog bolesti nije nastupio u finalu\" data-date=\"2025-08-12T16:27:48+02:00\">\n\n<div class=\"post-thumbnail-wrap\">\n\t<div class=\"post-thumbnail\">\n\t\t\n\t\t\n\t\t<a href=\"http:\/\/www.vk-korana.hr\/?p=12250\" class=\"post-thumbnail-rollover layzr-bg layzr-bg\" ><img decoding=\"async\" class=\"iso-lazy-load preload-me iso-lazy-load aspect\" src=\"data:image\/svg+xml,%3Csvg%20xmlns%3D&#39;http%3A%2F%2Fwww.w3.org%2F2000%2Fsvg&#39;%20viewBox%3D&#39;0%200%20768%20512&#39;%2F%3E\" data-src=\"http:\/\/www.vk-korana.hr\/wordpress\/wp-content\/uploads\/2025\/08\/1000024357-768x512.jpg\" data-srcset=\"http:\/\/www.vk-korana.hr\/wordpress\/wp-content\/uploads\/2025\/08\/1000024357-768x512.jpg 768w, http:\/\/www.vk-korana.hr\/wordpress\/wp-content\/uploads\/2025\/08\/1000024357-1152x768.jpg 1152w\" loading=\"eager\" style=\"--ratio: 768 \/ 512\" sizes=\"(max-width: 768px) 100vw, 768px\" alt=\"\" title=\"1000024357\" width=\"768\" height=\"512\"  \/><\/a>\t<\/div>\n<\/div>\n\n\n<div class=\"post-entry-content\">\n\n\t<h3 class=\"entry-title\">\n\t\t<a href=\"http:\/\/www.vk-korana.hr\/?p=12250\" title=\"Ravnjak i Sredi\u0107 zauzeli 17. mjesto na Svjetskom juniorskom prvenstvu, Jak\u0161i\u0107 zbog bolesti nije nastupio u finalu\" rel=\"bookmark\">Ravnjak i Sredi\u0107 zauzeli 17. mjesto na Svjetskom juniorskom prvenstvu, Jak\u0161i\u0107 zbog bolesti nije nastupio u finalu<\/a>\n\t<\/h3>\n\n\t<div class=\"entry-meta\"><span class=\"category-link\"><a href=\"http:\/\/www.vk-korana.hr\/?cat=1\" rel=\"category\">Uncategorized<\/a><\/span><a href=\"http:\/\/www.vk-korana.hr\/?m=20250812\" title=\"16:27\" class=\"data-link\" rel=\"bookmark\"><time class=\"entry-date updated\" datetime=\"2025-08-12T16:27:48+02:00\">12\/08\/2025<\/time><\/a><\/div>\n\t<div class=\"entry-excerpt\"><p>Na\u0161i mladi vesla\u010di Josip Jak\u0161i\u0107 i \u0160ime Ravnjak predstavljali su Hrvatsku na Svjetskom juniorskom prvenstvu u veslanju, odr\u017eanom od 7.&hellip;<\/p>\n<\/div>\n\t\n<a href=\"http:\/\/www.vk-korana.hr\/?p=12250\" class=\"post-details details-type-link\" aria-label=\"Read more about Ravnjak i Sredi\u0107 zauzeli 17. mjesto na Svjetskom juniorskom prvenstvu, Jak\u0161i\u0107 zbog bolesti nije nastupio u finalu\">Pro\u010ditaj vi\u0161e<i class=\"dt-icon-the7-arrow-03\" aria-hidden=\"true\"><\/i><\/a>\n\n<\/div><\/article><\/div><div class=\"visible wf-cell\" data-post-id=\"12247\" data-date=\"2025-07-20T11:22:25+02:00\" data-name=\"VELIKI USPJEH ZA VK KORANU: \u0160ime Ravnjak i Josip Jak\u0161i\u0107 pozvani na Svjetsko vesla\u010dko U19 prvenstvo\"><article class=\"post project-odd visible post-12247 type-post status-publish format-standard has-post-thumbnail hentry category-uncategorized category-1\" data-name=\"VELIKI USPJEH ZA VK KORANU: \u0160ime Ravnjak i Josip Jak\u0161i\u0107 pozvani na Svjetsko vesla\u010dko U19 prvenstvo\" data-date=\"2025-07-20T11:22:25+02:00\">\n\n<div class=\"post-thumbnail-wrap\">\n\t<div class=\"post-thumbnail\">\n\t\t\n\t\t\n\t\t<a href=\"http:\/\/www.vk-korana.hr\/?p=12247\" class=\"post-thumbnail-rollover layzr-bg layzr-bg\" ><img decoding=\"async\" class=\"iso-lazy-load preload-me iso-lazy-load aspect\" src=\"data:image\/svg+xml,%3Csvg%20xmlns%3D&#39;http%3A%2F%2Fwww.w3.org%2F2000%2Fsvg&#39;%20viewBox%3D&#39;0%200%20768%20512&#39;%2F%3E\" data-src=\"http:\/\/www.vk-korana.hr\/wordpress\/wp-content\/uploads\/2025\/05\/1000021239-scaled-768x512.jpg\" data-srcset=\"http:\/\/www.vk-korana.hr\/wordpress\/wp-content\/uploads\/2025\/05\/1000021239-scaled-768x512.jpg 768w, http:\/\/www.vk-korana.hr\/wordpress\/wp-content\/uploads\/2025\/05\/1000021239-scaled-1152x768.jpg 1152w\" loading=\"eager\" style=\"--ratio: 768 \/ 512\" sizes=\"(max-width: 768px) 100vw, 768px\" alt=\"\" title=\"1000021239\" width=\"768\" height=\"512\"  \/><\/a>\t<\/div>\n<\/div>\n\n\n<div class=\"post-entry-content\">\n\n\t<h3 class=\"entry-title\">\n\t\t<a href=\"http:\/\/www.vk-korana.hr\/?p=12247\" title=\"VELIKI USPJEH ZA VK KORANU: \u0160ime Ravnjak i Josip Jak\u0161i\u0107 pozvani na Svjetsko vesla\u010dko U19 prvenstvo\" rel=\"bookmark\">VELIKI USPJEH ZA VK KORANU: \u0160ime Ravnjak i Josip Jak\u0161i\u0107 pozvani na Svjetsko vesla\u010dko U19 prvenstvo<\/a>\n\t<\/h3>\n\n\t<div class=\"entry-meta\"><span class=\"category-link\"><a href=\"http:\/\/www.vk-korana.hr\/?cat=1\" rel=\"category\">Uncategorized<\/a><\/span><a href=\"http:\/\/www.vk-korana.hr\/?m=20250720\" title=\"11:22\" class=\"data-link\" rel=\"bookmark\"><time class=\"entry-date updated\" datetime=\"2025-07-20T11:22:25+02:00\">20\/07\/2025<\/time><\/a><\/div>\n\t<div class=\"entry-excerpt\"><p>Dvojica mladih i talentiranih vesla\u010da, \u0160ime Ravnjak i Josip Jak\u0161i\u0107, slu\u017ebeno su pozvani da predstavljaju Hrvatsku na Svjetskom prvenstvu u&hellip;<\/p>\n<\/div>\n\t\n<a href=\"http:\/\/www.vk-korana.hr\/?p=12247\" class=\"post-details details-type-link\" aria-label=\"Read more about VELIKI USPJEH ZA VK KORANU: \u0160ime Ravnjak i Josip Jak\u0161i\u0107 pozvani na Svjetsko vesla\u010dko U19 prvenstvo\">Pro\u010ditaj vi\u0161e<i class=\"dt-icon-the7-arrow-03\" aria-hidden=\"true\"><\/i><\/a>\n\n<\/div><\/article><\/div><div class=\"visible wf-cell\" data-post-id=\"12244\" data-date=\"2025-07-19T20:51:08+02:00\" data-name=\"Odr\u017eana 72. Karlova\u010dka regatta I 34. Memorijalna utrka \u201cBruno Cetinjanin\u201d: Dominacija VK Korana na rijeci Kupi\"><article class=\"post project-odd visible post-12244 type-post status-publish format-standard has-post-thumbnail hentry category-uncategorized category-1\" data-name=\"Odr\u017eana 72. Karlova\u010dka regatta I 34. Memorijalna utrka \u201cBruno Cetinjanin\u201d: Dominacija VK Korana na rijeci Kupi\" data-date=\"2025-07-19T20:51:08+02:00\">\n\n<div class=\"post-thumbnail-wrap\">\n\t<div class=\"post-thumbnail\">\n\t\t\n\t\t\n\t\t<a href=\"http:\/\/www.vk-korana.hr\/?p=12244\" class=\"post-thumbnail-rollover layzr-bg layzr-bg\" ><img decoding=\"async\" class=\"iso-lazy-load preload-me iso-lazy-load aspect\" src=\"data:image\/svg+xml,%3Csvg%20xmlns%3D&#39;http%3A%2F%2Fwww.w3.org%2F2000%2Fsvg&#39;%20viewBox%3D&#39;0%200%20768%20512&#39;%2F%3E\" data-src=\"http:\/\/www.vk-korana.hr\/wordpress\/wp-content\/uploads\/2025\/07\/regata-4-1024x768-1-768x512.jpg\" data-srcset=\"http:\/\/www.vk-korana.hr\/wordpress\/wp-content\/uploads\/2025\/07\/regata-4-1024x768-1-768x512.jpg 768w, http:\/\/www.vk-korana.hr\/wordpress\/wp-content\/uploads\/2025\/07\/regata-4-1024x768-1-1024x682.jpg 1024w\" loading=\"eager\" style=\"--ratio: 768 \/ 512\" sizes=\"(max-width: 768px) 100vw, 768px\" alt=\"\" title=\"regata-4-1024&#215;768-1\" width=\"768\" height=\"512\"  \/><\/a>\t<\/div>\n<\/div>\n\n\n<div class=\"post-entry-content\">\n\n\t<h3 class=\"entry-title\">\n\t\t<a href=\"http:\/\/www.vk-korana.hr\/?p=12244\" title=\"Odr\u017eana 72. Karlova\u010dka regatta I 34. Memorijalna utrka \u201cBruno Cetinjanin\u201d: Dominacija VK Korana na rijeci Kupi\" rel=\"bookmark\">Odr\u017eana 72. Karlova\u010dka regatta I 34. Memorijalna utrka \u201cBruno Cetinjanin\u201d: Dominacija VK Korana na rijeci Kupi<\/a>\n\t<\/h3>\n\n\t<div class=\"entry-meta\"><span class=\"category-link\"><a href=\"http:\/\/www.vk-korana.hr\/?cat=1\" rel=\"category\">Uncategorized<\/a><\/span><a href=\"http:\/\/www.vk-korana.hr\/?m=20250719\" title=\"20:51\" class=\"data-link\" rel=\"bookmark\"><time class=\"entry-date updated\" datetime=\"2025-07-19T20:51:08+02:00\">19\/07\/2025<\/time><\/a><\/div>\n\t<div class=\"entry-excerpt\"><p>Na rijeci Kupi odr\u017eana je 72. Karlova\u010dka regata, tradicionalno vesla\u010dko natjecanje koje je i ove godine okupilo mlade i iskusne&hellip;<\/p>\n<\/div>\n\t\n<a href=\"http:\/\/www.vk-korana.hr\/?p=12244\" class=\"post-details details-type-link\" aria-label=\"Read more about Odr\u017eana 72. Karlova\u010dka regatta I 34. Memorijalna utrka \u201cBruno Cetinjanin\u201d: Dominacija VK Korana na rijeci Kupi\">Pro\u010ditaj vi\u0161e<i class=\"dt-icon-the7-arrow-03\" aria-hidden=\"true\"><\/i><\/a>\n\n<\/div><\/article><\/div><div class=\"visible wf-cell\" data-post-id=\"12232\" data-date=\"2025-07-09T19:27:19+02:00\" data-name=\"Poziv na Tradicionalnu Vesla\u010dku Regatu na Kupi                                         \u2013 19. srpnja 2025. u 10 sati\"><article class=\"post project-odd visible post-12232 type-post status-publish format-standard has-post-thumbnail hentry category-uncategorized category-1\" data-name=\"Poziv na Tradicionalnu Vesla\u010dku Regatu na Kupi                                         \u2013 19. srpnja 2025. u 10 sati\" data-date=\"2025-07-09T19:27:19+02:00\">\n\n<div class=\"post-thumbnail-wrap\">\n\t<div class=\"post-thumbnail\">\n\t\t\n\t\t\n\t\t<a href=\"http:\/\/www.vk-korana.hr\/?p=12232\" class=\"post-thumbnail-rollover layzr-bg layzr-bg\" ><img decoding=\"async\" class=\"iso-lazy-load preload-me iso-lazy-load aspect\" src=\"data:image\/svg+xml,%3Csvg%20xmlns%3D&#39;http%3A%2F%2Fwww.w3.org%2F2000%2Fsvg&#39;%20viewBox%3D&#39;0%200%20768%20512&#39;%2F%3E\" data-src=\"http:\/\/www.vk-korana.hr\/wordpress\/wp-content\/uploads\/2024\/07\/veslanje-na-kupi-9-1210x642-1-768x512.jpg\" data-srcset=\"http:\/\/www.vk-korana.hr\/wordpress\/wp-content\/uploads\/2024\/07\/veslanje-na-kupi-9-1210x642-1-768x512.jpg 768w, http:\/\/www.vk-korana.hr\/wordpress\/wp-content\/uploads\/2024\/07\/veslanje-na-kupi-9-1210x642-1-1110x740.jpg 1110w\" loading=\"eager\" style=\"--ratio: 768 \/ 512\" sizes=\"(max-width: 768px) 100vw, 768px\" alt=\"\" title=\"veslanje-na-kupi-9-1210&#215;642\" width=\"768\" height=\"512\"  \/><\/a>\t<\/div>\n<\/div>\n\n\n<div class=\"post-entry-content\">\n\n\t<h3 class=\"entry-title\">\n\t\t<a href=\"http:\/\/www.vk-korana.hr\/?p=12232\" title=\"Poziv na Tradicionalnu Vesla\u010dku Regatu na Kupi                                         \u2013 19. srpnja 2025. u 10 sati\" rel=\"bookmark\">Poziv na Tradicionalnu Vesla\u010dku Regatu na Kupi                                         \u2013 19. srpnja 2025. u 10 sati<\/a>\n\t<\/h3>\n\n\t<div class=\"entry-meta\"><span class=\"category-link\"><a href=\"http:\/\/www.vk-korana.hr\/?cat=1\" rel=\"category\">Uncategorized<\/a><\/span><a href=\"http:\/\/www.vk-korana.hr\/?m=20250709\" title=\"19:27\" class=\"data-link\" rel=\"bookmark\"><time class=\"entry-date updated\" datetime=\"2025-07-09T19:27:19+02:00\">09\/07\/2025<\/time><\/a><\/div>\n\t<div class=\"entry-excerpt\"><p>Dragi \u010dlanovi kluba, prijatelji veslanja i svi zaljubljenici u sport i prirodu, pozivamo vas da nam se pridru\u017eite na 72.&hellip;<\/p>\n<\/div>\n\t\n<a href=\"http:\/\/www.vk-korana.hr\/?p=12232\" class=\"post-details details-type-link\" aria-label=\"Read more about Poziv na Tradicionalnu Vesla\u010dku Regatu na Kupi                                         \u2013 19. srpnja 2025. u 10 sati\">Pro\u010ditaj vi\u0161e<i class=\"dt-icon-the7-arrow-03\" aria-hidden=\"true\"><\/i><\/a>\n\n<\/div><\/article><\/div><div class=\"visible wf-cell\" data-post-id=\"12227\" data-date=\"2025-07-09T19:08:56+02:00\" data-name=\"Obilje\u017eavanje 90. Obljetnice osnivanja kluba VK Korana\"><article class=\"post project-odd visible post-12227 type-post status-publish format-standard has-post-thumbnail hentry category-uncategorized category-1\" data-name=\"Obilje\u017eavanje 90. Obljetnice osnivanja kluba VK Korana\" data-date=\"2025-07-09T19:08:56+02:00\">\n\n<div class=\"post-thumbnail-wrap\">\n\t<div class=\"post-thumbnail\">\n\t\t\n\t\t\n\t\t<a href=\"http:\/\/www.vk-korana.hr\/?p=12227\" class=\"post-thumbnail-rollover layzr-bg layzr-bg\" ><img decoding=\"async\" class=\"iso-lazy-load preload-me iso-lazy-load aspect\" src=\"data:image\/svg+xml,%3Csvg%20xmlns%3D&#39;http%3A%2F%2Fwww.w3.org%2F2000%2Fsvg&#39;%20viewBox%3D&#39;0%200%20768%20512&#39;%2F%3E\" data-src=\"http:\/\/www.vk-korana.hr\/wordpress\/wp-content\/uploads\/2025\/07\/VKK-obljetnica2-1_page-0001-2-768x512.jpg\" data-srcset=\"http:\/\/www.vk-korana.hr\/wordpress\/wp-content\/uploads\/2025\/07\/VKK-obljetnica2-1_page-0001-2-768x512.jpg 768w, http:\/\/www.vk-korana.hr\/wordpress\/wp-content\/uploads\/2025\/07\/VKK-obljetnica2-1_page-0001-2-934x622.jpg 934w\" loading=\"eager\" style=\"--ratio: 768 \/ 512\" sizes=\"(max-width: 768px) 100vw, 768px\" alt=\"\" title=\"VKK-obljetnica2 (1)_page-0001\" width=\"768\" height=\"512\"  \/><\/a>\t<\/div>\n<\/div>\n\n\n<div class=\"post-entry-content\">\n\n\t<h3 class=\"entry-title\">\n\t\t<a href=\"http:\/\/www.vk-korana.hr\/?p=12227\" title=\"Obilje\u017eavanje 90. Obljetnice osnivanja kluba VK Korana\" rel=\"bookmark\">Obilje\u017eavanje 90. Obljetnice osnivanja kluba VK Korana<\/a>\n\t<\/h3>\n\n\t<div class=\"entry-meta\"><span class=\"category-link\"><a href=\"http:\/\/www.vk-korana.hr\/?cat=1\" rel=\"category\">Uncategorized<\/a><\/span><a href=\"http:\/\/www.vk-korana.hr\/?m=20250709\" title=\"19:08\" class=\"data-link\" rel=\"bookmark\"><time class=\"entry-date updated\" datetime=\"2025-07-09T19:08:56+02:00\">09\/07\/2025<\/time><\/a><\/div>\n\t<div class=\"entry-excerpt\"><p>Pozivnica na sve\u010dano otvorenje i akademiju Vesla\u010dkog kluba Pozivamo vas da nam se pridru\u017eite u petak u 18:30 sati u&hellip;<\/p>\n<\/div>\n\t\n<a href=\"http:\/\/www.vk-korana.hr\/?p=12227\" class=\"post-details details-type-link\" aria-label=\"Read more about Obilje\u017eavanje 90. Obljetnice osnivanja kluba VK Korana\">Pro\u010ditaj vi\u0161e<i class=\"dt-icon-the7-arrow-03\" aria-hidden=\"true\"><\/i><\/a>\n\n<\/div><\/article><\/div><div class=\"visible wf-cell\" data-post-id=\"12220\" data-date=\"2025-07-07T16:50:01+02:00\" data-name=\"Nastup vesla\u010da VK Korane na Hrvatskom prvenstvu juniora i kadeta\"><article class=\"post project-odd visible post-12220 type-post status-publish format-standard has-post-thumbnail hentry category-uncategorized category-1\" data-name=\"Nastup vesla\u010da VK Korane na Hrvatskom prvenstvu juniora i kadeta\" data-date=\"2025-07-07T16:50:01+02:00\">\n\n<div class=\"post-thumbnail-wrap\">\n\t<div class=\"post-thumbnail\">\n\t\t\n\t\t\n\t\t<a href=\"http:\/\/www.vk-korana.hr\/?p=12220\" class=\"post-thumbnail-rollover layzr-bg layzr-bg\" ><img decoding=\"async\" class=\"iso-lazy-load preload-me iso-lazy-load aspect\" src=\"data:image\/svg+xml,%3Csvg%20xmlns%3D&#39;http%3A%2F%2Fwww.w3.org%2F2000%2Fsvg&#39;%20viewBox%3D&#39;0%200%20768%20512&#39;%2F%3E\" data-src=\"http:\/\/www.vk-korana.hr\/wordpress\/wp-content\/uploads\/2025\/07\/IMG-20250705-WA0026-768x512.jpg\" data-srcset=\"http:\/\/www.vk-korana.hr\/wordpress\/wp-content\/uploads\/2025\/07\/IMG-20250705-WA0026-768x512.jpg 768w, http:\/\/www.vk-korana.hr\/wordpress\/wp-content\/uploads\/2025\/07\/IMG-20250705-WA0026-1152x768.jpg 1152w\" loading=\"eager\" style=\"--ratio: 768 \/ 512\" sizes=\"(max-width: 768px) 100vw, 768px\" alt=\"\" title=\"IMG-20250705-WA0026\" width=\"768\" height=\"512\"  \/><\/a>\t<\/div>\n<\/div>\n\n\n<div class=\"post-entry-content\">\n\n\t<h3 class=\"entry-title\">\n\t\t<a href=\"http:\/\/www.vk-korana.hr\/?p=12220\" title=\"Nastup vesla\u010da VK Korane na Hrvatskom prvenstvu juniora i kadeta\" rel=\"bookmark\">Nastup vesla\u010da VK Korane na Hrvatskom prvenstvu juniora i kadeta<\/a>\n\t<\/h3>\n\n\t<div class=\"entry-meta\"><span class=\"category-link\"><a href=\"http:\/\/www.vk-korana.hr\/?cat=1\" rel=\"category\">Uncategorized<\/a><\/span><a href=\"http:\/\/www.vk-korana.hr\/?m=20250707\" title=\"16:50\" class=\"data-link\" rel=\"bookmark\"><time class=\"entry-date updated\" datetime=\"2025-07-07T16:50:01+02:00\">07\/07\/2025<\/time><\/a><\/div>\n\t<div class=\"entry-excerpt\"><p>VK Korana na Hrvatskom prvenstvu juniora i kadeta: nekoliko medalja i 11. mjesto u poretku klubova Hrvatsko vesla\u010dko prvenstvo za&hellip;<\/p>\n<\/div>\n\t\n<a href=\"http:\/\/www.vk-korana.hr\/?p=12220\" class=\"post-details details-type-link\" aria-label=\"Read more about Nastup vesla\u010da VK Korane na Hrvatskom prvenstvu juniora i kadeta\">Pro\u010ditaj vi\u0161e<i class=\"dt-icon-the7-arrow-03\" aria-hidden=\"true\"><\/i><\/a>\n\n<\/div><\/article><\/div><div class=\"visible wf-cell\" data-post-id=\"12214\" data-date=\"2025-06-21T18:33:11+02:00\" data-name=\"Nastup vesla\u010da VK Korane na 5. Regati Kupa Miljenka Findrele i 31. Regati Sabljaci\"><article class=\"post project-odd visible post-12214 type-post status-publish format-standard has-post-thumbnail hentry category-uncategorized category-1\" data-name=\"Nastup vesla\u010da VK Korane na 5. Regati Kupa Miljenka Findrele i 31. Regati Sabljaci\" data-date=\"2025-06-21T18:33:11+02:00\">\n\n<div class=\"post-thumbnail-wrap\">\n\t<div class=\"post-thumbnail\">\n\t\t\n\t\t\n\t\t<a href=\"http:\/\/www.vk-korana.hr\/?p=12214\" class=\"post-thumbnail-rollover layzr-bg layzr-bg\" ><img decoding=\"async\" class=\"iso-lazy-load preload-me iso-lazy-load aspect\" src=\"data:image\/svg+xml,%3Csvg%20xmlns%3D&#39;http%3A%2F%2Fwww.w3.org%2F2000%2Fsvg&#39;%20viewBox%3D&#39;0%200%20768%20512&#39;%2F%3E\" data-src=\"http:\/\/www.vk-korana.hr\/wordpress\/wp-content\/uploads\/2025\/06\/IMG-20250621-WA0011-scaled-768x512.jpg\" data-srcset=\"http:\/\/www.vk-korana.hr\/wordpress\/wp-content\/uploads\/2025\/06\/IMG-20250621-WA0011-scaled-768x512.jpg 768w, http:\/\/www.vk-korana.hr\/wordpress\/wp-content\/uploads\/2025\/06\/IMG-20250621-WA0011-scaled-1152x768.jpg 1152w\" loading=\"eager\" style=\"--ratio: 768 \/ 512\" sizes=\"(max-width: 768px) 100vw, 768px\" alt=\"\" title=\"IMG-20250621-WA0011\" width=\"768\" height=\"512\"  \/><\/a>\t<\/div>\n<\/div>\n\n\n<div class=\"post-entry-content\">\n\n\t<h3 class=\"entry-title\">\n\t\t<a href=\"http:\/\/www.vk-korana.hr\/?p=12214\" title=\"Nastup vesla\u010da VK Korane na 5. Regati Kupa Miljenka Findrele i 31. Regati Sabljaci\" rel=\"bookmark\">Nastup vesla\u010da VK Korane na 5. Regati Kupa Miljenka Findrele i 31. Regati Sabljaci<\/a>\n\t<\/h3>\n\n\t<div class=\"entry-meta\"><span class=\"category-link\"><a href=\"http:\/\/www.vk-korana.hr\/?cat=1\" rel=\"category\">Uncategorized<\/a><\/span><a href=\"http:\/\/www.vk-korana.hr\/?m=20250621\" title=\"18:33\" class=\"data-link\" rel=\"bookmark\"><time class=\"entry-date updated\" datetime=\"2025-06-21T18:33:11+02:00\">21\/06\/2025<\/time><\/a><\/div>\n\t<div class=\"entry-excerpt\"><p>Na jezeru Sabljaci kod Ogulina, u subotu 21. lipnja 2025., odr\u017eana je 5. regata Kupa Miljenka Findrele te ujedno i&hellip;<\/p>\n<\/div>\n\t\n<a href=\"http:\/\/www.vk-korana.hr\/?p=12214\" class=\"post-details details-type-link\" aria-label=\"Read more about Nastup vesla\u010da VK Korane na 5. Regati Kupa Miljenka Findrele i 31. Regati Sabljaci\">Pro\u010ditaj vi\u0161e<i class=\"dt-icon-the7-arrow-03\" aria-hidden=\"true\"><\/i><\/a>\n\n<\/div><\/article><\/div><div class=\"visible wf-cell\" data-post-id=\"12210\" data-date=\"2025-06-16T08:02:54+02:00\" data-name=\"Nastup vesla\u010da VK Korane na Me\u0111unarodnoj regati Bled 2025.\"><article class=\"post project-odd visible post-12210 type-post status-publish format-standard has-post-thumbnail hentry category-vijesti category-8\" data-name=\"Nastup vesla\u010da VK Korane na Me\u0111unarodnoj regati Bled 2025.\" data-date=\"2025-06-16T08:02:54+02:00\">\n\n<div class=\"post-thumbnail-wrap\">\n\t<div class=\"post-thumbnail\">\n\t\t\n\t\t\n\t\t<a href=\"http:\/\/www.vk-korana.hr\/?p=12210\" class=\"post-thumbnail-rollover layzr-bg layzr-bg\" ><img decoding=\"async\" class=\"iso-lazy-load preload-me iso-lazy-load aspect\" src=\"data:image\/svg+xml,%3Csvg%20xmlns%3D&#39;http%3A%2F%2Fwww.w3.org%2F2000%2Fsvg&#39;%20viewBox%3D&#39;0%200%20768%20512&#39;%2F%3E\" data-src=\"http:\/\/www.vk-korana.hr\/wordpress\/wp-content\/uploads\/2025\/06\/IMG-20250614-WA0005-768x512.jpg\" data-srcset=\"http:\/\/www.vk-korana.hr\/wordpress\/wp-content\/uploads\/2025\/06\/IMG-20250614-WA0005-768x512.jpg 768w, http:\/\/www.vk-korana.hr\/wordpress\/wp-content\/uploads\/2025\/06\/IMG-20250614-WA0005-1152x768.jpg 1152w\" loading=\"eager\" style=\"--ratio: 768 \/ 512\" sizes=\"(max-width: 768px) 100vw, 768px\" alt=\"\" title=\"IMG-20250614-WA0005\" width=\"768\" height=\"512\"  \/><\/a>\t<\/div>\n<\/div>\n\n\n<div class=\"post-entry-content\">\n\n\t<h3 class=\"entry-title\">\n\t\t<a href=\"http:\/\/www.vk-korana.hr\/?p=12210\" title=\"Nastup vesla\u010da VK Korane na Me\u0111unarodnoj regati Bled 2025.\" rel=\"bookmark\">Nastup vesla\u010da VK Korane na Me\u0111unarodnoj regati Bled 2025.<\/a>\n\t<\/h3>\n\n\t<div class=\"entry-meta\"><span class=\"category-link\"><a href=\"http:\/\/www.vk-korana.hr\/?cat=8\" rel=\"category\">Vijesti<\/a><\/span><a href=\"http:\/\/www.vk-korana.hr\/?m=20250616\" title=\"08:02\" class=\"data-link\" rel=\"bookmark\"><time class=\"entry-date updated\" datetime=\"2025-06-16T08:02:54+02:00\">16\/06\/2025<\/time><\/a><\/div>\n\t<div class=\"entry-excerpt\"><p>Na presti\u017enoj Me\u0111unarodnoj vesla\u010dkoj regati na Bledu u Sloveniji odr\u017eanoj 15. i 16. lipnja 2024., vesla\u010di Vesla\u010dkog kluba Korana ponovno&hellip;<\/p>\n<\/div>\n\t\n<a href=\"http:\/\/www.vk-korana.hr\/?p=12210\" class=\"post-details details-type-link\" aria-label=\"Read more about Nastup vesla\u010da VK Korane na Me\u0111unarodnoj regati Bled 2025.\">Pro\u010ditaj vi\u0161e<i class=\"dt-icon-the7-arrow-03\" aria-hidden=\"true\"><\/i><\/a>\n\n<\/div><\/article><\/div><div class=\"visible wf-cell\" data-post-id=\"12205\" data-date=\"2025-05-20T11:39:11+02:00\" data-name=\"Prije godinu dana napustio nas je dugogodi\u0161nji na\u0161 \u010dlan i dragi prijatelj kluba, Karlov\u010danin i Dubov\u010dak s ogulinskom adresom Mirko (Miro) Brozovi\u0107\"><article class=\"post project-odd visible post-12205 type-post status-publish format-standard has-post-thumbnail hentry category-vijesti category-8\" data-name=\"Prije godinu dana napustio nas je dugogodi\u0161nji na\u0161 \u010dlan i dragi prijatelj kluba, Karlov\u010danin i Dubov\u010dak s ogulinskom adresom Mirko (Miro) Brozovi\u0107\" data-date=\"2025-05-20T11:39:11+02:00\">\n\n<div class=\"post-thumbnail-wrap\">\n\t<div class=\"post-thumbnail\">\n\t\t\n\t\t\n\t\t<a href=\"http:\/\/www.vk-korana.hr\/?p=12205\" class=\"post-thumbnail-rollover layzr-bg layzr-bg\" ><img decoding=\"async\" class=\"iso-lazy-load preload-me iso-lazy-load aspect\" src=\"data:image\/svg+xml,%3Csvg%20xmlns%3D&#39;http%3A%2F%2Fwww.w3.org%2F2000%2Fsvg&#39;%20viewBox%3D&#39;0%200%20768%20512&#39;%2F%3E\" data-src=\"http:\/\/www.vk-korana.hr\/wordpress\/wp-content\/uploads\/2025\/05\/mirko-miro-brozovic-768x512.jpg\" data-srcset=\"http:\/\/www.vk-korana.hr\/wordpress\/wp-content\/uploads\/2025\/05\/mirko-miro-brozovic-768x512.jpg 768w, http:\/\/www.vk-korana.hr\/wordpress\/wp-content\/uploads\/2025\/05\/mirko-miro-brozovic-1110x740.jpg 1110w\" loading=\"eager\" style=\"--ratio: 768 \/ 512\" sizes=\"(max-width: 768px) 100vw, 768px\" alt=\"\" title=\"mirko-miro-brozovic\" width=\"768\" height=\"512\"  \/><\/a>\t<\/div>\n<\/div>\n\n\n<div class=\"post-entry-content\">\n\n\t<h3 class=\"entry-title\">\n\t\t<a href=\"http:\/\/www.vk-korana.hr\/?p=12205\" title=\"Prije godinu dana napustio nas je dugogodi\u0161nji na\u0161 \u010dlan i dragi prijatelj kluba, Karlov\u010danin i Dubov\u010dak s ogulinskom adresom Mirko (Miro) Brozovi\u0107\" rel=\"bookmark\">Prije godinu dana napustio nas je dugogodi\u0161nji na\u0161 \u010dlan i dragi prijatelj kluba, Karlov\u010danin i Dubov\u010dak s ogulinskom adresom Mirko (Miro) Brozovi\u0107<\/a>\n\t<\/h3>\n\n\t<div class=\"entry-meta\"><span class=\"category-link\"><a href=\"http:\/\/www.vk-korana.hr\/?cat=8\" rel=\"category\">Vijesti<\/a><\/span><a href=\"http:\/\/www.vk-korana.hr\/?m=20250520\" title=\"11:39\" class=\"data-link\" rel=\"bookmark\"><time class=\"entry-date updated\" datetime=\"2025-05-20T11:39:11+02:00\">20\/05\/2025<\/time><\/a><\/div>\n\t<div class=\"entry-excerpt\"><p>Nije bilo skup\u0161tine kluba i klupske regate a da nije navratio na svoju \u201eKvaku\u201c i k svome VK Korana koji&hellip;<\/p>\n<\/div>\n\t\n<a href=\"http:\/\/www.vk-korana.hr\/?p=12205\" class=\"post-details details-type-link\" aria-label=\"Read more about Prije godinu dana napustio nas je dugogodi\u0161nji na\u0161 \u010dlan i dragi prijatelj kluba, Karlov\u010danin i Dubov\u010dak s ogulinskom adresom Mirko (Miro) Brozovi\u0107\">Pro\u010ditaj vi\u0161e<i class=\"dt-icon-the7-arrow-03\" aria-hidden=\"true\"><\/i><\/a>\n\n<\/div><\/article><\/div><div class=\"visible wf-cell\" data-post-id=\"12197\" data-date=\"2025-05-18T14:08:42+02:00\" data-name=\"Nastup vesla\u010da VK Korane na Hrvatskom vesla\u010dkom prvenstvu za seniore i veterane: osvojena 2 srebra\"><article class=\"post project-odd visible post-12197 type-post status-publish format-standard has-post-thumbnail hentry category-uncategorized category-1\" data-name=\"Nastup vesla\u010da VK Korane na Hrvatskom vesla\u010dkom prvenstvu za seniore i veterane: osvojena 2 srebra\" data-date=\"2025-05-18T14:08:42+02:00\">\n\n<div class=\"post-thumbnail-wrap\">\n\t<div class=\"post-thumbnail\">\n\t\t\n\t\t\n\t\t<a href=\"http:\/\/www.vk-korana.hr\/?p=12197\" class=\"post-thumbnail-rollover layzr-bg layzr-bg\" ><img decoding=\"async\" class=\"iso-lazy-load preload-me iso-lazy-load aspect\" src=\"data:image\/svg+xml,%3Csvg%20xmlns%3D&#39;http%3A%2F%2Fwww.w3.org%2F2000%2Fsvg&#39;%20viewBox%3D&#39;0%200%20768%20512&#39;%2F%3E\" data-src=\"http:\/\/www.vk-korana.hr\/wordpress\/wp-content\/uploads\/2025\/05\/1000021677-scaled-768x512.jpg\" data-srcset=\"http:\/\/www.vk-korana.hr\/wordpress\/wp-content\/uploads\/2025\/05\/1000021677-scaled-768x512.jpg 768w, http:\/\/www.vk-korana.hr\/wordpress\/wp-content\/uploads\/2025\/05\/1000021677-scaled-1152x768.jpg 1152w\" loading=\"eager\" style=\"--ratio: 768 \/ 512\" sizes=\"(max-width: 768px) 100vw, 768px\" alt=\"\" title=\"1000021677\" width=\"768\" height=\"512\"  \/><\/a>\t<\/div>\n<\/div>\n\n\n<div class=\"post-entry-content\">\n\n\t<h3 class=\"entry-title\">\n\t\t<a href=\"http:\/\/www.vk-korana.hr\/?p=12197\" title=\"Nastup vesla\u010da VK Korane na Hrvatskom vesla\u010dkom prvenstvu za seniore i veterane: osvojena 2 srebra\" rel=\"bookmark\">Nastup vesla\u010da VK Korane na Hrvatskom vesla\u010dkom prvenstvu za seniore i veterane: osvojena 2 srebra<\/a>\n\t<\/h3>\n\n\t<div class=\"entry-meta\"><span class=\"category-link\"><a href=\"http:\/\/www.vk-korana.hr\/?cat=1\" rel=\"category\">Uncategorized<\/a><\/span><a href=\"http:\/\/www.vk-korana.hr\/?m=20250518\" title=\"14:08\" class=\"data-link\" rel=\"bookmark\"><time class=\"entry-date updated\" datetime=\"2025-05-18T14:08:42+02:00\">18\/05\/2025<\/time><\/a><\/div>\n\t<div class=\"entry-excerpt\"><p>Vesla\u010di Vesla\u010dkog kluba Korana jo\u0161 su jednom pokazali svoju predanost i borbenost na Hrvatskom vesla\u010dkom prvenstvu za seniore i veterane,&hellip;<\/p>\n<\/div>\n\t\n<a href=\"http:\/\/www.vk-korana.hr\/?p=12197\" class=\"post-details details-type-link\" aria-label=\"Read more about Nastup vesla\u010da VK Korane na Hrvatskom vesla\u010dkom prvenstvu za seniore i veterane: osvojena 2 srebra\">Pro\u010ditaj vi\u0161e<i class=\"dt-icon-the7-arrow-03\" aria-hidden=\"true\"><\/i><\/a>\n\n<\/div><\/article><\/div><div class=\"visible wf-cell\" data-post-id=\"12188\" data-date=\"2025-05-10T23:09:36+02:00\" data-name=\"KUP REGATA: Osvojeno jedno zlato i \u010detiri srebra\"><article class=\"post project-odd visible post-12188 type-post status-publish format-standard has-post-thumbnail hentry category-uncategorized category-1\" data-name=\"KUP REGATA: Osvojeno jedno zlato i \u010detiri srebra\" data-date=\"2025-05-10T23:09:36+02:00\">\n\n<div class=\"post-thumbnail-wrap\">\n\t<div class=\"post-thumbnail\">\n\t\t\n\t\t\n\t\t<a href=\"http:\/\/www.vk-korana.hr\/?p=12188\" class=\"post-thumbnail-rollover layzr-bg layzr-bg\" ><img decoding=\"async\" class=\"iso-lazy-load preload-me iso-lazy-load aspect\" src=\"data:image\/svg+xml,%3Csvg%20xmlns%3D&#39;http%3A%2F%2Fwww.w3.org%2F2000%2Fsvg&#39;%20viewBox%3D&#39;0%200%20768%20512&#39;%2F%3E\" data-src=\"http:\/\/www.vk-korana.hr\/wordpress\/wp-content\/uploads\/2025\/05\/1000021239-scaled-768x512.jpg\" data-srcset=\"http:\/\/www.vk-korana.hr\/wordpress\/wp-content\/uploads\/2025\/05\/1000021239-scaled-768x512.jpg 768w, http:\/\/www.vk-korana.hr\/wordpress\/wp-content\/uploads\/2025\/05\/1000021239-scaled-1152x768.jpg 1152w\" loading=\"eager\" style=\"--ratio: 768 \/ 512\" sizes=\"(max-width: 768px) 100vw, 768px\" alt=\"\" title=\"1000021239\" width=\"768\" height=\"512\"  \/><\/a>\t<\/div>\n<\/div>\n\n\n<div class=\"post-entry-content\">\n\n\t<h3 class=\"entry-title\">\n\t\t<a href=\"http:\/\/www.vk-korana.hr\/?p=12188\" title=\"KUP REGATA: Osvojeno jedno zlato i \u010detiri srebra\" rel=\"bookmark\">KUP REGATA: Osvojeno jedno zlato i \u010detiri srebra<\/a>\n\t<\/h3>\n\n\t<div class=\"entry-meta\"><span class=\"category-link\"><a href=\"http:\/\/www.vk-korana.hr\/?cat=1\" rel=\"category\">Uncategorized<\/a><\/span><a href=\"http:\/\/www.vk-korana.hr\/?m=20250510\" title=\"23:09\" class=\"data-link\" rel=\"bookmark\"><time class=\"entry-date updated\" datetime=\"2025-05-10T23:09:36+02:00\">10\/05\/2025<\/time><\/a><\/div>\n\t<div class=\"entry-excerpt\"><p>Vesla\u010dki savez Zagreba i Vesla\u010dki klub Tre\u0161njevka uspje\u0161no su organizirali 3. Vesla\u010dki kup Miljenka Finderlea i 34. Intercity regatu, koje&hellip;<\/p>\n<\/div>\n\t\n<a href=\"http:\/\/www.vk-korana.hr\/?p=12188\" class=\"post-details details-type-link\" aria-label=\"Read more about KUP REGATA: Osvojeno jedno zlato i \u010detiri srebra\">Pro\u010ditaj vi\u0161e<i class=\"dt-icon-the7-arrow-03\" aria-hidden=\"true\"><\/i><\/a>\n\n<\/div><\/article><\/div><div class=\"visible wf-cell\" data-post-id=\"12186\" data-date=\"2025-05-07T20:48:48+02:00\" data-name=\"VELIKI USPJEH ZA VK KORANA: \u0160ime Ravnjak i Josip Jak\u0161i\u0107 pozvani Europsko juniorsko prvenstvo\"><article class=\"post project-odd visible no-img post-12186 type-post status-publish format-standard hentry category-uncategorized category-1\" data-name=\"VELIKI USPJEH ZA VK KORANA: \u0160ime Ravnjak i Josip Jak\u0161i\u0107 pozvani Europsko juniorsko prvenstvo\" data-date=\"2025-05-07T20:48:48+02:00\">\n\n<div class=\"post-entry-content\">\n\n\t<h3 class=\"entry-title\">\n\t\t<a href=\"http:\/\/www.vk-korana.hr\/?p=12186\" title=\"VELIKI USPJEH ZA VK KORANA: \u0160ime Ravnjak i Josip Jak\u0161i\u0107 pozvani Europsko juniorsko prvenstvo\" rel=\"bookmark\">VELIKI USPJEH ZA VK KORANA: \u0160ime Ravnjak i Josip Jak\u0161i\u0107 pozvani Europsko juniorsko prvenstvo<\/a>\n\t<\/h3>\n\n\t<div class=\"entry-meta\"><span class=\"category-link\"><a href=\"http:\/\/www.vk-korana.hr\/?cat=1\" rel=\"category\">Uncategorized<\/a><\/span><a href=\"http:\/\/www.vk-korana.hr\/?m=20250507\" title=\"20:48\" class=\"data-link\" rel=\"bookmark\"><time class=\"entry-date updated\" datetime=\"2025-05-07T20:48:48+02:00\">07\/05\/2025<\/time><\/a><\/div>\n\t<div class=\"entry-excerpt\"><p>Veliko priznanje stiglo je u Vesla\u010dki klub Korana \u2013 na\u0161i mladi vesla\u010di \u0160ime Ravnjak i Josip Jak\u0161i\u0107 uvr\u0161teni su u&hellip;<\/p>\n<\/div>\n\t\n<a href=\"http:\/\/www.vk-korana.hr\/?p=12186\" class=\"post-details details-type-link\" aria-label=\"Read more about VELIKI USPJEH ZA VK KORANA: \u0160ime Ravnjak i Josip Jak\u0161i\u0107 pozvani Europsko juniorsko prvenstvo\">Pro\u010ditaj vi\u0161e<i class=\"dt-icon-the7-arrow-03\" aria-hidden=\"true\"><\/i><\/a>\n\n<\/div><\/article><\/div><div class=\"visible wf-cell\" data-post-id=\"12179\" data-date=\"2025-05-05T22:41:17+02:00\" data-name=\"Vesla\u010di VK Korane uspje\u0161no predstavljali Hrvatsku u M\u00fcnchenu\"><article class=\"post project-odd visible post-12179 type-post status-publish format-standard has-post-thumbnail hentry category-vijesti category-8\" data-name=\"Vesla\u010di VK Korane uspje\u0161no predstavljali Hrvatsku u M\u00fcnchenu\" data-date=\"2025-05-05T22:41:17+02:00\">\n\n<div class=\"post-thumbnail-wrap\">\n\t<div class=\"post-thumbnail\">\n\t\t\n\t\t\n\t\t<a href=\"http:\/\/www.vk-korana.hr\/?p=12179\" class=\"post-thumbnail-rollover layzr-bg layzr-bg\" ><img decoding=\"async\" class=\"iso-lazy-load preload-me iso-lazy-load aspect\" src=\"data:image\/svg+xml,%3Csvg%20xmlns%3D&#39;http%3A%2F%2Fwww.w3.org%2F2000%2Fsvg&#39;%20viewBox%3D&#39;0%200%20768%20512&#39;%2F%3E\" data-src=\"http:\/\/www.vk-korana.hr\/wordpress\/wp-content\/uploads\/2025\/05\/IMG-20250503-WA0000-1-1-1-768x512.jpg\" data-srcset=\"http:\/\/www.vk-korana.hr\/wordpress\/wp-content\/uploads\/2025\/05\/IMG-20250503-WA0000-1-1-1-768x512.jpg 768w, http:\/\/www.vk-korana.hr\/wordpress\/wp-content\/uploads\/2025\/05\/IMG-20250503-WA0000-1-1-1-1110x740.jpg 1110w\" loading=\"eager\" style=\"--ratio: 768 \/ 512\" sizes=\"(max-width: 768px) 100vw, 768px\" alt=\"\" title=\"IMG-20250503-WA0000 (1) (1) (1)\" width=\"768\" height=\"512\"  \/><\/a>\t<\/div>\n<\/div>\n\n\n<div class=\"post-entry-content\">\n\n\t<h3 class=\"entry-title\">\n\t\t<a href=\"http:\/\/www.vk-korana.hr\/?p=12179\" title=\"Vesla\u010di VK Korane uspje\u0161no predstavljali Hrvatsku u M\u00fcnchenu\" rel=\"bookmark\">Vesla\u010di VK Korane uspje\u0161no predstavljali Hrvatsku u M\u00fcnchenu<\/a>\n\t<\/h3>\n\n\t<div class=\"entry-meta\"><span class=\"category-link\"><a href=\"http:\/\/www.vk-korana.hr\/?cat=8\" rel=\"category\">Vijesti<\/a><\/span><a href=\"http:\/\/www.vk-korana.hr\/?m=20250505\" title=\"22:41\" class=\"data-link\" rel=\"bookmark\"><time class=\"entry-date updated\" datetime=\"2025-05-05T22:41:17+02:00\">05\/05\/2025<\/time><\/a><\/div>\n\t<div class=\"entry-excerpt\"><p>Od 2. do 4. svibnja 2025. u Oberschlei\u00dfheimu kraj M\u00fcnchena odr\u017eano je jedno od najpresti\u017enijih me\u0111unarodnih vesla\u010dkih natjecanja za juniore.&hellip;<\/p>\n<\/div>\n\t\n<a href=\"http:\/\/www.vk-korana.hr\/?p=12179\" class=\"post-details details-type-link\" aria-label=\"Read more about Vesla\u010di VK Korane uspje\u0161no predstavljali Hrvatsku u M\u00fcnchenu\">Pro\u010ditaj vi\u0161e<i class=\"dt-icon-the7-arrow-03\" aria-hidden=\"true\"><\/i><\/a>\n\n<\/div><\/article><\/div><\/div><!-- iso-container|iso-grid --><div class=\"paginator\" role=\"navigation\"><span class=\"nav-prev disabled\">\u2192<\/span><a href=\"http:\/\/www.vk-korana.hr\/index.php\/?rest_route=%2Fwp%2Fv2%2Fpages%2F11542\" class=\"page-numbers act\" data-page-num=\"1\">1<\/a><a href=\"http:\/\/www.vk-korana.hr\/index.php\/?paged=2&#038;rest_route=%2Fwp%2Fv2%2Fpages%2F11542\" class=\"page-numbers \" data-page-num=\"2\">2<\/a><a href=\"http:\/\/www.vk-korana.hr\/index.php\/?paged=3&#038;rest_route=%2Fwp%2Fv2%2Fpages%2F11542\" class=\"page-numbers \" data-page-num=\"3\">3<\/a><a href=\"http:\/\/www.vk-korana.hr\/index.php\/?paged=4&#038;rest_route=%2Fwp%2Fv2%2Fpages%2F11542\" class=\"page-numbers \" data-page-num=\"4\">4<\/a><a href=\"http:\/\/www.vk-korana.hr\/index.php\/?paged=5&#038;rest_route=%2Fwp%2Fv2%2Fpages%2F11542\" class=\"page-numbers \" data-page-num=\"5\">5<\/a><a href=\"javascript:void(0);\" class=\"dots\">&#8230;<\/a><div style=\"display: none;\"><a href=\"http:\/\/www.vk-korana.hr\/index.php\/?paged=6&#038;rest_route=%2Fwp%2Fv2%2Fpages%2F11542\" class=\"page-numbers \" data-page-num=\"6\">6<\/a><a href=\"http:\/\/www.vk-korana.hr\/index.php\/?paged=7&#038;rest_route=%2Fwp%2Fv2%2Fpages%2F11542\" class=\"page-numbers \" data-page-num=\"7\">7<\/a><a href=\"http:\/\/www.vk-korana.hr\/index.php\/?paged=8&#038;rest_route=%2Fwp%2Fv2%2Fpages%2F11542\" class=\"page-numbers \" data-page-num=\"8\">8<\/a><a href=\"http:\/\/www.vk-korana.hr\/index.php\/?paged=9&#038;rest_route=%2Fwp%2Fv2%2Fpages%2F11542\" class=\"page-numbers \" data-page-num=\"9\">9<\/a><a href=\"http:\/\/www.vk-korana.hr\/index.php\/?paged=10&#038;rest_route=%2Fwp%2Fv2%2Fpages%2F11542\" class=\"page-numbers \" data-page-num=\"10\">10<\/a><a href=\"http:\/\/www.vk-korana.hr\/index.php\/?paged=11&#038;rest_route=%2Fwp%2Fv2%2Fpages%2F11542\" class=\"page-numbers \" data-page-num=\"11\">11<\/a><a href=\"http:\/\/www.vk-korana.hr\/index.php\/?paged=12&#038;rest_route=%2Fwp%2Fv2%2Fpages%2F11542\" class=\"page-numbers \" data-page-num=\"12\">12<\/a><a href=\"http:\/\/www.vk-korana.hr\/index.php\/?paged=13&#038;rest_route=%2Fwp%2Fv2%2Fpages%2F11542\" class=\"page-numbers \" data-page-num=\"13\">13<\/a><a href=\"http:\/\/www.vk-korana.hr\/index.php\/?paged=14&#038;rest_route=%2Fwp%2Fv2%2Fpages%2F11542\" class=\"page-numbers \" data-page-num=\"14\">14<\/a><a href=\"http:\/\/www.vk-korana.hr\/index.php\/?paged=15&#038;rest_route=%2Fwp%2Fv2%2Fpages%2F11542\" class=\"page-numbers \" data-page-num=\"15\">15<\/a><\/div><a href=\"http:\/\/www.vk-korana.hr\/index.php\/?paged=16&#038;rest_route=%2Fwp%2Fv2%2Fpages%2F11542\" class=\"page-numbers \" data-page-num=\"16\">16<\/a><a href=\"http:\/\/www.vk-korana.hr\/index.php\/?paged=2&#038;rest_route=%2Fwp%2Fv2%2Fpages%2F11542\" class=\"page-numbers nav-next filter-item\" data-page-num=\"2\" >\u2192<\/a><\/div><\/div>[\/vc_column][\/vc_row]<\/p>\n<\/div>","protected":false},"excerpt":{"rendered":"<p>[vc_row][vc_column][\/vc_column][\/vc_row]<\/p>\n","protected":false},"author":1,"featured_media":0,"parent":0,"menu_order":0,"comment_status":"closed","ping_status":"closed","template":"","meta":{"ngg_post_thumbnail":0,"footnotes":""},"class_list":["post-11542","page","type-page","status-publish","hentry","description-off"],"_links":{"self":[{"href":"http:\/\/www.vk-korana.hr\/index.php?rest_route=\/wp\/v2\/pages\/11542","targetHints":{"allow":["GET"]}}],"collection":[{"href":"http:\/\/www.vk-korana.hr\/index.php?rest_route=\/wp\/v2\/pages"}],"about":[{"href":"http:\/\/www.vk-korana.hr\/index.php?rest_route=\/wp\/v2\/types\/page"}],"author":[{"embeddable":true,"href":"http:\/\/www.vk-korana.hr\/index.php?rest_route=\/wp\/v2\/users\/1"}],"replies":[{"embeddable":true,"href":"http:\/\/www.vk-korana.hr\/index.php?rest_route=%2Fwp%2Fv2%2Fcomments&post=11542"}],"version-history":[{"count":8,"href":"http:\/\/www.vk-korana.hr\/index.php?rest_route=\/wp\/v2\/pages\/11542\/revisions"}],"predecessor-version":[{"id":11615,"href":"http:\/\/www.vk-korana.hr\/index.php?rest_route=\/wp\/v2\/pages\/11542\/revisions\/11615"}],"wp:attachment":[{"href":"http:\/\/www.vk-korana.hr\/index.php?rest_route=%2Fwp%2Fv2%2Fmedia&parent=11542"}],"curies":[{"name":"wp","href":"https:\/\/api.w.org\/{rel}","templated":true}]}}